{"id":349,"date":"2011-05-02T20:29:30","date_gmt":"2011-05-02T20:29:30","guid":{"rendered":"http:\/\/www.pagodethienminh.fr\/?page_id=349"},"modified":"2013-03-13T14:57:04","modified_gmt":"2013-03-13T14:57:04","slug":"4-2555e-fete-de-vesak","status":"publish","type":"page","link":"https:\/\/www.pagodethienminh.fr\/?page_id=349","title":{"rendered":"4.2555e F\u00eate de V\u00e9sak"},"content":{"rendered":"<address style=\"text-align: center;\"><strong>Comm\u00e9moration de V\u00e9sak 2555 \u2013 2011<\/strong><\/address>\n<address style=\"text-align: center;\"><strong>Inauguration de la Pagode Thi\u1ec7n Minh<\/strong><\/address>\n<p style=\"text-align: justify;\">&nbsp;<\/p>\n<address style=\"text-align: right;\">Chers Grands V\u00e9n\u00e9rables, chers V\u00e9n\u00e9rables et membres de la Sangha<\/address>\n<address style=\"text-align: right;\">Chers bouddhistes et amis sympathisants<\/address>\n<p style=\"text-align: justify;\"><a rel=\"attachment wp-att-350\" href=\"https:\/\/www.pagodethienminh.fr\/?attachment_id=350\"><img loading=\"lazy\" decoding=\"async\" class=\"aligncenter size-medium wp-image-350\" title=\"Naissance du Bouddha\" src=\"https:\/\/www.pagodethienminh.fr\/wp-content\/uploads\/2011\/05\/Cuoc_Doi_Duc_Phat_03-250x300.jpg\" alt=\"\" width=\"250\" height=\"300\" srcset=\"https:\/\/www.pagodethienminh.fr\/wp-content\/uploads\/2011\/05\/Cuoc_Doi_Duc_Phat_03-250x300.jpg 250w, https:\/\/www.pagodethienminh.fr\/wp-content\/uploads\/2011\/05\/Cuoc_Doi_Duc_Phat_03-125x150.jpg 125w, https:\/\/www.pagodethienminh.fr\/wp-content\/uploads\/2011\/05\/Cuoc_Doi_Duc_Phat_03.jpg 600w\" sizes=\"auto, (max-width: 250px) 100vw, 250px\" \/><\/a><\/p>\n<p style=\"text-align: justify;\">Depuis la c\u00e9r\u00e9monie de pose de la premi\u00e8re pierre, \u00e9v\u00e9nement officiel pour la reconstruction de la \u00ab\u00a0nouvelle\u00a0\u00bb Pagode Thi\u1ec7n Minh, les V\u00e9n\u00e9rables et les bouddhistes du monde d\u2019entier y ont particip\u00e9 activement par leur g\u00e9n\u00e9rosit\u00e9 spirituelle dans les souhaits et par leur g\u00e9n\u00e9rosit\u00e9 mat\u00e9rielle sous forme de don. Gr\u00e2ce \u00e0 l\u2019\u00e9nergie de la pratique bouddhiste et aux m\u00e9rites infinies des b\u00e9n\u00e9voles et des pratiquants, la pagode Thi\u1ec7n Minh a pris une nouvelle renaissance\u00a0: une nouvelle \u00e9nergie de s\u00e9r\u00e9nit\u00e9 s\u2019y est install\u00e9e.<\/p>\n<p style=\"text-align: justify;\">Suite \u00e0 cette reconstruction, dans le nouveau lieu de culte \u00a0r\u00e8gne une atmosph\u00e8re vou\u00e9e \u00e0 la pratique gr\u00e2ce \u00e0 la b\u00e9n\u00e9diction des Statues de Bouddha durant la F\u00eate de Vu Lan en Ao\u00fbt 2008. En plus de l\u2019\u00e9v\u00e9nement de V\u00e9sak de cette ann\u00e9e, nous profitons de l\u2019occasion pour inaugurer la \u00ab\u00a0nouvelle \u00bb Pagode\u00a0dans le d\u00e9veloppement de la g\u00e9n\u00e9rosit\u00e9 et des m\u00e9rites. L\u2019inauguration est une bonne condition pour accueillir la Sangha\u00a0: accueillir la Sangha c\u2019est comme accueillir la naissance d\u2019un Bouddha. Durant cette journ\u00e9e, les Grands V\u00e9n\u00e9rables et la communaut\u00e9 de la Sangha feront des souhaits pour la s\u00e9r\u00e9nit\u00e9 du lieu, pour que la doctrine bouddhiste, source de sagesse et de paix puisse s\u2019\u00e9tendre, pour que le monde se lib\u00e8re rapidement des maladies et pour que les \u00eatres vivent dans la paix et l\u2019harmonie.<\/p>\n<p style=\"text-align: justify;\">Aujourd\u2019hui, la pagode Thi\u1ec7n Minh est la source de la culture vietnamienne, elle est aussi un centre d\u2019\u00e9tude et de pratique de la philosophie bouddhiste pour la communaut\u00e9 vietnamienne dans la r\u00e9gion. R\u00e9guli\u00e8rement la pagode organise en langue fran\u00e7aise des sessions de pratique et de compr\u00e9hension de cette philosophie pour les personnes int\u00e9ress\u00e9es.<\/p>\n<p style=\"text-align: justify;\">Le Bouddha enseigne dans son Soutra sur les 8 \u00e9tats d\u2019Eveil\u00a0que\u00a0\u00ab\u00a0Le monde est impermanent et que la nature et l\u2019eau sont infinies\u00a0\u00bb. Ce soutra r\u00e9v\u00e8le que le monde actuel est menac\u00e9 par des catastrophes naturelles, par des tremblements de terre, par des tsunamis, mais sur quelle base vont se raccrocher la nature et les pays face \u00e0 ce monde en perp\u00e9tuel changement\u00a0?<\/p>\n<p style=\"text-align: justify;\">Pour limiter les souffrances, les pratiquants bouddhistes doivent avoir confiance aux Trois Joyaux et doivent prendre la Sagesse et la Compassion comme qualit\u00e9s de vie. Ils doivent porter confiance \u00e0 la loi de cause \u00e0 effet, au karma. Si la compassion et l\u2019amour bienveillant sont pratiqu\u00e9s au c\u0153ur de leur vie, au milieu des qualit\u00e9s d\u2019Eveil, alors ils vivront dans un \u00e9tat d\u2019ouverture comparable \u00e0 celui de la Terre Pure du Bouddha Amitabha depuis ce moment, dans cette vie et dans les prochaines. Si leur confiance reste solide, s\u2019ils pers\u00e9v\u00e8rent dans la pratique, alors ils transformeront l\u2019impermanence de ce monde en une terre pure, priv\u00e9e d\u2019inqui\u00e9tude, de crainte, d\u2019\u00e9go\u00efsme et de jalousie; l\u2019\u00e9tat de pardon et de tol\u00e9rance, se r\u00e9pandra dans ce monde et \u00e0 cet instant la compassion et la bienveillance du Bodhisatva Avalokit\u00e9svara seront pr\u00e9sents dans le c\u0153ur de tous \u00eatres.<\/p>\n<p style=\"text-align: justify;\">La force des souhaits des membres de la Sangha et des pratiquants bouddhistes a apport\u00e9 un \u00e9lan et une \u00e9nergie spirituels pour reconstruire cette nouvelle pagode, comme la naissance d\u2019une fleur de Lotus, dont son enseignement parfume le ciel europ\u00e9en. C\u2019est pour cette raison, que le jour de l\u2019inauguration de la pagode Thi\u1ec7n Minh durant cette p\u00e9riode de V\u00e9sak, est un jour important pour la communaut\u00e9 bouddhiste de la r\u00e9gion, mais c\u2019est aussi un jour de Joie pour la congr\u00e9gation bouddhiste vietnamienne en Europe.<\/p>\n<p style=\"text-align: justify;\">Nous invitons respectueusement les membres de la Sangha ainsi que tous les bouddhistes pr\u00e9sents, t\u00e9moins de cet \u00e9v\u00e9nement, \u00e0 \u00e9mettre des souhaits pour cette comm\u00e9moration. Et nous souhaitons avec sinc\u00e9rit\u00e9, que les Trois Joyaux guident la Sangha vers un \u00e9tat de s\u00e9r\u00e9nit\u00e9, vers la lumi\u00e8re de la Sagesse, vers la r\u00e9alisation des m\u00e9rites et vers les fruits de la Bodh\u00e9it\u00e9. Nous souhaitons aux bouddhistes, aux amis sympathisants ainsi qu\u2019\u00e0 leur famille, un bonheur permanent dans un oc\u00e9an de paix.<\/p>\n<p><strong> <\/strong><\/p>\n<p style=\"text-align: center;\"><strong>Nam M\u00f4 L\u00e2m T\u1ef3 Vi\u00ean V\u00f4 \u01afu\u00a0 Th\u1ecb Hi\u1ec7n \u0110\u1ea3n Sanh <\/strong><\/p>\n<p style=\"text-align: center;\"><strong>B\u1ed5n S\u01b0 Th\u00edch Ca M\u00e2u Ni Ph\u1eadt.<\/strong><\/p>\n","protected":false},"excerpt":{"rendered":"<p>Comm\u00e9moration de V\u00e9sak 2555 \u2013 2011 Inauguration de la Pagode Thi\u1ec7n Minh &nbsp; Chers Grands V\u00e9n\u00e9rables, chers V\u00e9n\u00e9rables et membres de la Sangha Chers bouddhistes \u2026 <a class=\"continue-reading-link\" href=\"https:\/\/www.pagodethienminh.fr\/?page_id=349\">Continue \u00e0 lire <span class=\"meta-nav\">&rarr; <\/span><\/a><\/p>\n","protected":false},"author":1,"featured_media":0,"parent":69,"menu_order":0,"comment_status":"closed","ping_status":"closed","template":"template-onecolumn.php","meta":{"_mc_calendar":[],"footnotes":""},"class_list":["post-349","page","type-page","status-publish","hentry"],"_links":{"self":[{"href":"https:\/\/www.pagodethienminh.fr\/index.php?rest_route=\/wp\/v2\/pages\/349","targetHints":{"allow":["GET"]}}],"collection":[{"href":"https:\/\/www.pagodethienminh.fr\/index.php?rest_route=\/wp\/v2\/pages"}],"about":[{"href":"https:\/\/www.pagodethienminh.fr\/index.php?rest_route=\/wp\/v2\/types\/page"}],"author":[{"embeddable":true,"href":"https:\/\/www.pagodethienminh.fr\/index.php?rest_route=\/wp\/v2\/users\/1"}],"replies":[{"embeddable":true,"href":"https:\/\/www.pagodethienminh.fr\/index.php?rest_route=%2Fwp%2Fv2%2Fcomments&post=349"}],"version-history":[{"count":10,"href":"https:\/\/www.pagodethienminh.fr\/index.php?rest_route=\/wp\/v2\/pages\/349\/revisions"}],"predecessor-version":[{"id":3222,"href":"https:\/\/www.pagodethienminh.fr\/index.php?rest_route=\/wp\/v2\/pages\/349\/revisions\/3222"}],"up":[{"embeddable":true,"href":"https:\/\/www.pagodethienminh.fr\/index.php?rest_route=\/wp\/v2\/pages\/69"}],"wp:attachment":[{"href":"https:\/\/www.pagodethienminh.fr\/index.php?rest_route=%2Fwp%2Fv2%2Fmedia&parent=349"}],"curies":[{"name":"wp","href":"https:\/\/api.w.org\/{rel}","templated":true}]}}