{"id":33,"date":"2011-04-29T19:50:57","date_gmt":"2011-04-29T19:50:57","guid":{"rendered":"http:\/\/www.pagodethienminh.fr\/?page_id=33"},"modified":"2025-09-05T20:39:53","modified_gmt":"2025-09-05T20:39:53","slug":"2-g-d-p-t","status":"publish","type":"page","link":"https:\/\/www.pagodethienminh.fr\/?page_id=33","title":{"rendered":"G.\u0110.P.T"},"content":{"rendered":"<p style=\"text-align: justify;\"><a href=\"https:\/\/www.pagodethienminh.fr\/?attachment_id=2899\" rel=\"attachment wp-att-2899\"><img loading=\"lazy\" decoding=\"async\" class=\"alignleft size-medium wp-image-2899\" title=\"Sen GDPT TM\" src=\"https:\/\/www.pagodethienminh.fr\/wp-content\/uploads\/2011\/04\/Sen-GDPT-TM-294x300.jpg\" alt=\"\" width=\"294\" height=\"300\" srcset=\"https:\/\/www.pagodethienminh.fr\/wp-content\/uploads\/2011\/04\/Sen-GDPT-TM-294x300.jpg 294w, https:\/\/www.pagodethienminh.fr\/wp-content\/uploads\/2011\/04\/Sen-GDPT-TM-147x150.jpg 147w, https:\/\/www.pagodethienminh.fr\/wp-content\/uploads\/2011\/04\/Sen-GDPT-TM.jpg 622w\" sizes=\"auto, (max-width: 294px) 100vw, 294px\" \/><\/a>Le groupe des Jeunes de la famille bouddhiste de la pagode Thi\u00ean Minh est un groupe compos\u00e9 de personnes allant de 4 \u00e0 60 ans ou plus. L\u2019appellation de &#8220;groupe des Jeunes de la famille bouddhiste&#8221; est n\u00e9 il y a plus de 70 ans au Vi\u00eatnam. Le groupe est rattach\u00e9 \u00e0 un temple bouddhique, voir \u00e0 une lign\u00e9e du bouddhisme. Concernant le groupe G.\u0110.P.T. rattach\u00e9 \u00e0 la pagode Thi\u00ean Minh, il a pris naissance le 1er Novembre 1993, avec 8 personnes jusqu\u2019\u00e0 maintenant. Le nombre de membres varient en fonction du temps, on en compte maintenant 35 \u00e0 40. Le symbole du groupe G.\u0110.P.T. est la fleur de lotus blanche sur un fond vert, repr\u00e9sent\u00e9 dans le titre. Le groupe participe activement aux activit\u00e9s de la pagode mais a ses propres activit\u00e9s.<\/p>\n","protected":false},"excerpt":{"rendered":"<p>Le groupe des Jeunes de la famille bouddhiste de la pagode Thi\u00ean Minh est un groupe compos\u00e9 de personnes allant de 4 \u00e0 60 ans \u2026 <a class=\"continue-reading-link\" href=\"https:\/\/www.pagodethienminh.fr\/?page_id=33\">Continue \u00e0 lire <span class=\"meta-nav\">&rarr; <\/span><\/a><\/p>\n","protected":false},"author":1,"featured_media":0,"parent":6336,"menu_order":2,"comment_status":"closed","ping_status":"closed","template":"","meta":{"_mc_calendar":[],"footnotes":""},"class_list":["post-33","page","type-page","status-publish","hentry"],"_links":{"self":[{"href":"https:\/\/www.pagodethienminh.fr\/index.php?rest_route=\/wp\/v2\/pages\/33","targetHints":{"allow":["GET"]}}],"collection":[{"href":"https:\/\/www.pagodethienminh.fr\/index.php?rest_route=\/wp\/v2\/pages"}],"about":[{"href":"https:\/\/www.pagodethienminh.fr\/index.php?rest_route=\/wp\/v2\/types\/page"}],"author":[{"embeddable":true,"href":"https:\/\/www.pagodethienminh.fr\/index.php?rest_route=\/wp\/v2\/users\/1"}],"replies":[{"embeddable":true,"href":"https:\/\/www.pagodethienminh.fr\/index.php?rest_route=%2Fwp%2Fv2%2Fcomments&post=33"}],"version-history":[{"count":17,"href":"https:\/\/www.pagodethienminh.fr\/index.php?rest_route=\/wp\/v2\/pages\/33\/revisions"}],"predecessor-version":[{"id":7729,"href":"https:\/\/www.pagodethienminh.fr\/index.php?rest_route=\/wp\/v2\/pages\/33\/revisions\/7729"}],"up":[{"embeddable":true,"href":"https:\/\/www.pagodethienminh.fr\/index.php?rest_route=\/wp\/v2\/pages\/6336"}],"wp:attachment":[{"href":"https:\/\/www.pagodethienminh.fr\/index.php?rest_route=%2Fwp%2Fv2%2Fmedia&parent=33"}],"curies":[{"name":"wp","href":"https:\/\/api.w.org\/{rel}","templated":true}]}}